{"id":32,"date":"2018-10-15T15:25:06","date_gmt":"2018-10-15T15:25:06","guid":{"rendered":"http:\/\/das-kleine-altstadtcafe.de\/?page_id=32"},"modified":"2026-04-20T09:45:05","modified_gmt":"2026-04-20T09:45:05","slug":"32-2","status":"publish","type":"page","link":"https:\/\/das-kleine-altstadtcafe.de\/?page_id=32","title":{"rendered":"Impressum\/Datenschutz"},"content":{"rendered":"\t\t<div data-elementor-type=\"wp-page\" data-elementor-id=\"32\" class=\"elementor elementor-32\">\n\t\t\t\t<div class=\"elementor-element elementor-element-10dd26ea e-flex e-con-boxed e-con e-parent\" data-id=\"10dd26ea\" data-element_type=\"container\" data-e-type=\"container\">\n\t\t\t\t\t<div class=\"e-con-inner\">\n\t\t\t\t<div class=\"elementor-element elementor-element-9f52760 elementor-widget elementor-widget-image\" data-id=\"9f52760\" data-element_type=\"widget\" data-e-type=\"widget\" data-widget_type=\"image.default\">\n\t\t\t\t\t\t\t\t\t\t\t\t\t\t\t<img fetchpriority=\"high\" decoding=\"async\" width=\"2000\" height=\"1200\" src=\"https:\/\/das-kleine-altstadtcafe.de\/wp-content\/uploads\/2018\/10\/Titel1.jpg\" class=\"attachment-full size-full wp-image-5\" alt=\"\" srcset=\"https:\/\/das-kleine-altstadtcafe.de\/wp-content\/uploads\/2018\/10\/Titel1.jpg 2000w, https:\/\/das-kleine-altstadtcafe.de\/wp-content\/uploads\/2018\/10\/Titel1-300x180.jpg 300w, https:\/\/das-kleine-altstadtcafe.de\/wp-content\/uploads\/2018\/10\/Titel1-768x461.jpg 768w, https:\/\/das-kleine-altstadtcafe.de\/wp-content\/uploads\/2018\/10\/Titel1-1024x614.jpg 1024w\" sizes=\"(max-width: 2000px) 100vw, 2000px\" \/>\t\t\t\t\t\t\t\t\t\t\t\t\t\t\t<\/div>\n\t\t\t\t<div class=\"elementor-element elementor-element-4904a22 elementor-widget elementor-widget-text-editor\" data-id=\"4904a22\" data-element_type=\"widget\" data-e-type=\"widget\" data-widget_type=\"text-editor.default\">\n\t\t\t\t\t\t\t\t\t<p>Telefonisch erreichbar: Mo \u2013 Sa. von 8:00 bis 18:00 Uhr<\/p><p>Herausgeber und verantwortlich: Frederik L\u00f6rwald<\/p><p>Anschrift: Hanstein 36, 59821 Arnsberg, <br \/>Tel. <a href=\"tel:+492931939151\">02931 939151<\/a>,\u00a0 <a href=\"mailto:info@das-kleine-altstadtcafe.de\">info@das-kleine-altstadtcafe.de<\/a><\/p><p>Konzept, Layout, Grafik und Erstellung: Frederik L\u00f6rwald<\/p><p>Nachdruck von Berichten und Fotos auch auszugsweise nur mit schriftlicher Genehmigung des Herausgebers. Namentlich gekennzeichnete Berichte geben nicht unbedingt die Meinung des Herausgebers wieder. Frederik L\u00f6rwald dankt allen f\u00fcr ihre Unterst\u00fctzung. F\u00fcr die Richtigkeit und Vollst\u00e4ndigkeit der Eintragungen, f\u00fcr sonstige Irrt\u00fcmer und f\u00fcr m\u00f6glicherweise daraus entstehende Sch\u00e4den \u00fcbernimmt Frederik L\u00f6rwald keine Haftung.<\/p><p>Verlinkte Webseiten<\/p><p>Mit Urteil vom 12. Mai 1998 hat das Landgericht Hamburg entschieden, dass man durch die Ausbringung eines Links die Inhalte der verlinkten Seite ggf. mit zu verantworten hat. Dies kann, so das LG, nur dadurch verhindert werden, dass man sich ausdr\u00fccklich von diesen Inhalten distanziert. F\u00fcr all Links dieser Webseite gilt daher: Frederik L\u00f6rwald m\u00f6chte ausdr\u00fccklich betonen, dass Frederik L\u00f6rwald und sein Internetprovider\/Webhoster keinerlei Einfluss auf die Gestaltung und die Inhalte der gelinkten Seiten haben. Deshalb distanziert sich Frederik L\u00f6rwald hiermit ausdr\u00fccklich von allen Inhalten aller gelinkten Seiten auf dieser Webseite und Frederik L\u00f6rwald \u00a0macht ihre Inhalte nicht zueigen. Frederik L\u00f6rwald ist bewusst, dass Frederik L\u00f6rwald durch eine solche Erkl\u00e4rung nicht frei jeglicher Verantwortung ist. Informieren Sie Frederik L\u00f6rwald bitte, wenn Sie einen \u201everd\u00e4chtigen\u201c Link entdecken sollten. Frederik L\u00f6rwald wird dann unverz\u00fcglich den Link entfernen.<\/p><p>Der Websitebetreiber nimmt Ihren Datenschutz sehr ernst und behandelt Ihre personenbezogenen Daten vertraulich und entsprechend der gesetzlichen Vorschriften. Da durch neue Technologien und die st\u00e4ndige Weiterentwicklung dieser Webseite \u00c4nderungen an dieser Datenschutzerkl\u00e4rung vorgenommen werden k\u00f6nnen, empfehlen wir Ihnen sich die Datenschutzerkl\u00e4rung in regelm\u00e4\u00dfigen Abst\u00e4nden wieder durchzulesen.<\/p><p>Definitionen der verwendeten Begriffe (z.B. \u201cpersonenbezogene Daten\u201d oder \u201cVerarbeitung\u201d) finden Sie in Art. 4 DSGVO.<\/p><p><b>Reichweitenmessung &amp; Cookies <\/b><\/p><p>Diese Website verwendet Cookies zur pseudonymisierten Reichweitenmessung, die entweder von unserem Server oder dem Server Dritter an den Browser des Nutzers \u00fcbertragen werden. Bei Cookies handelt es sich um kleine Dateien, welche auf Ihrem Endger\u00e4t gespeichert werden. Ihr Browser greift auf diese Dateien zu. Durch den Einsatz von Cookies erh\u00f6ht sich die Benutzerfreundlichkeit und Sicherheit dieser Website.<\/p><p>Falls Sie nicht m\u00f6chten, dass Cookies zur Reichweitenmessung auf Ihrem Endger\u00e4t gespeichert werden, k\u00f6nnen Sie dem Einsatz dieser Dateien hier widersprechen:<\/p><p>Cookie-Deaktivierungsseite der Netzwerkwerbeinitiative: http:\/\/ optout.networkadvertising.org\/?c=1#!\/<br \/>Cookie-Deaktivierungsseite der US-amerikanischen Website: http:\/\/ optout.aboutads.info\/?c=2#!\/<\/p><p>Cookie-Deaktivierungsseite der europ\u00e4ischen Website: http:\/\/ optout.networkadvertising.org\/?c=1#!\/<\/p><p>G\u00e4ngige Browser bieten die Einstellungsoption, Cookies nicht zuzulassen. Hinweis: Es ist nicht gew\u00e4hrleistet, dass Sie auf alle Funktionen dieser Website ohne Einschr\u00e4nkungen zugreifen k\u00f6nnen, wenn Sie entsprechende Einstellungen vornehmen.<\/p><p><b>Umgang mit Kontaktdaten<\/b><\/p><p>Nehmen Sie mit uns als Websitebetreiber durch die angebotenen Kontaktm\u00f6glichkeiten Verbindung auf, werden Ihre Angaben gespeichert, damit auf diese zur Bearbeitung und Beantwortung Ihrer Anfrage zur\u00fcckgegriffen werden kann. Ohne Ihre Einwilligung werden diese Daten nicht an Dritte weitergegeben.<\/p><p><b>Umgang mit Kommentaren und Beitr\u00e4gen<\/b><\/p><p>Hinterlassen Sie auf dieser Website einen Beitrag oder Kommentar, wird Ihre IP-Adresse gespeichert. Dies erfolgt aufgrund unserer berechtigten Interessen im Sinne des Art. 6 Abs. 1 lit. f. DSGVO und dient der Sicherheit von uns als Websitebetreiber: Denn sollte Ihr Kommentar gegen geltendes Recht versto\u00dfen, k\u00f6nnen wir daf\u00fcr belangt werden, weshalb wir ein Interesse an der Identit\u00e4t des Kommentar- bzw. Beitragsautors haben.<\/p><p><b>Rechte des Nutzers<\/b><\/p><p>Sie haben als Nutzer das Recht, auf Antrag eine kostenlose Auskunft dar\u00fcber zu erhalten, welche personenbezogenen Daten \u00fcber Sie gespeichert wurden. Sie haben au\u00dferdem das Recht auf Berichtigung falscher Daten und auf die Verarbeitungseinschr\u00e4nkung oder L\u00f6schung Ihrer personenbezogenen Daten. Falls zutreffend, k\u00f6nnen Sie auch Ihr Recht auf Datenportabilit\u00e4t geltend machen. Sollten Sie annehmen, dass Ihre Daten unrechtm\u00e4\u00dfig verarbeitet wurden, k\u00f6nnen Sie eine Beschwerde bei der zust\u00e4ndigen Aufsichtsbeh\u00f6rde einreichen.<\/p><p><b>L\u00f6schung von Daten<\/b><\/p><p>Sofern Ihr Wunsch nicht mit einer gesetzlichen Pflicht zur Aufbewahrung von Daten (z. B. Vorratsdatenspeicherung) kollidiert, haben Sie ein Anrecht auf L\u00f6schung Ihrer Daten. Von uns gespeicherte Daten werden, sollten sie f\u00fcr ihre Zweckbestimmung nicht mehr vonn\u00f6ten sein und es keine gesetzlichen Aufbewahrungsfristen geben, gel\u00f6scht. Falls eine L\u00f6schung nicht durchgef\u00fchrt werden kann, da die Daten f\u00fcr zul\u00e4ssige gesetzliche Zwecke erforderlich sind, erfolgt eine Einschr\u00e4nkung der Datenverarbeitung. In diesem Fall werden die Daten gesperrt und nicht f\u00fcr andere Zwecke verarbeitet.<\/p>\t\t\t\t\t\t\t\t<\/div>\n\t\t\t\t\t<\/div>\n\t\t\t\t<\/div>\n\t\t\t\t<\/div>\n\t\t","protected":false},"excerpt":{"rendered":"<p>Telefonisch erreichbar: Mo \u2013 Sa. von 8:00 bis 18:00 Uhr Herausgeber und verantwortlich: Frederik L\u00f6rwald Anschrift: Hanstein 36, 59821 Arnsberg, Tel. 02931 939151,\u00a0 info@das-kleine-altstadtcafe.de Konzept, Layout, Grafik und Erstellung: Frederik L\u00f6rwald Nachdruck von Berichten und Fotos auch auszugsweise nur mit schriftlicher Genehmigung des Herausgebers. Namentlich gekennzeichnete Berichte geben nicht unbedingt die Meinung des Herausgebers wieder. Frederik L\u00f6rwald dankt allen f\u00fcr ihre Unterst\u00fctzung. F\u00fcr die Richtigkeit und Vollst\u00e4ndigkeit der Eintragungen, f\u00fcr sonstige Irrt\u00fcmer und f\u00fcr m\u00f6glicherweise daraus entstehende Sch\u00e4den \u00fcbernimmt Frederik L\u00f6rwald keine Haftung. Verlinkte Webseiten Mit Urteil vom 12. Mai 1998 hat das Landgericht Hamburg entschieden, dass man durch die Ausbringung eines Links die Inhalte der verlinkten Seite ggf. mit zu verantworten hat. Dies kann, so das LG, nur dadurch verhindert werden, dass man sich ausdr\u00fccklich von diesen Inhalten distanziert. F\u00fcr all Links dieser Webseite gilt daher: Frederik L\u00f6rwald m\u00f6chte ausdr\u00fccklich betonen, dass Frederik L\u00f6rwald und sein Internetprovider\/Webhoster keinerlei Einfluss auf die Gestaltung und die Inhalte der gelinkten Seiten haben. Deshalb distanziert sich Frederik L\u00f6rwald hiermit ausdr\u00fccklich von allen Inhalten aller gelinkten Seiten auf dieser Webseite und Frederik L\u00f6rwald \u00a0macht ihre Inhalte nicht zueigen. Frederik L\u00f6rwald ist bewusst, dass Frederik L\u00f6rwald durch eine solche Erkl\u00e4rung nicht frei jeglicher Verantwortung ist. Informieren Sie Frederik L\u00f6rwald bitte, wenn Sie einen \u201everd\u00e4chtigen\u201c Link entdecken sollten. Frederik L\u00f6rwald wird dann unverz\u00fcglich den Link entfernen. Der Websitebetreiber nimmt Ihren Datenschutz sehr ernst und behandelt Ihre personenbezogenen Daten vertraulich und entsprechend der gesetzlichen Vorschriften. Da durch neue Technologien und die st\u00e4ndige Weiterentwicklung dieser Webseite \u00c4nderungen an dieser Datenschutzerkl\u00e4rung vorgenommen werden k\u00f6nnen, empfehlen wir Ihnen sich die Datenschutzerkl\u00e4rung in regelm\u00e4\u00dfigen Abst\u00e4nden wieder durchzulesen. Definitionen der verwendeten Begriffe (z.B. \u201cpersonenbezogene Daten\u201d oder \u201cVerarbeitung\u201d) finden Sie in Art. 4 DSGVO. Reichweitenmessung &amp; Cookies Diese Website verwendet Cookies zur pseudonymisierten Reichweitenmessung, die entweder von unserem Server oder dem Server Dritter an den Browser des Nutzers \u00fcbertragen werden. Bei Cookies handelt es sich um kleine Dateien, welche auf Ihrem Endger\u00e4t gespeichert werden. Ihr Browser greift auf diese Dateien zu. Durch den Einsatz von Cookies erh\u00f6ht sich die Benutzerfreundlichkeit und Sicherheit dieser Website. Falls Sie nicht m\u00f6chten, dass Cookies zur Reichweitenmessung auf Ihrem Endger\u00e4t gespeichert werden, k\u00f6nnen Sie dem Einsatz dieser Dateien hier widersprechen: Cookie-Deaktivierungsseite der Netzwerkwerbeinitiative: http:\/\/ optout.networkadvertising.org\/?c=1#!\/Cookie-Deaktivierungsseite der US-amerikanischen Website: http:\/\/ optout.aboutads.info\/?c=2#!\/ Cookie-Deaktivierungsseite der europ\u00e4ischen Website: http:\/\/ optout.networkadvertising.org\/?c=1#!\/ G\u00e4ngige Browser bieten die Einstellungsoption, Cookies nicht zuzulassen. Hinweis: Es ist nicht gew\u00e4hrleistet, dass Sie auf alle Funktionen dieser Website ohne Einschr\u00e4nkungen zugreifen k\u00f6nnen, wenn Sie entsprechende Einstellungen vornehmen. Umgang mit Kontaktdaten Nehmen Sie mit uns als Websitebetreiber durch die angebotenen Kontaktm\u00f6glichkeiten Verbindung auf, werden Ihre Angaben gespeichert, damit auf diese zur Bearbeitung und Beantwortung Ihrer Anfrage zur\u00fcckgegriffen werden kann. Ohne Ihre Einwilligung werden diese Daten nicht an Dritte weitergegeben. Umgang mit Kommentaren und Beitr\u00e4gen Hinterlassen Sie auf dieser Website einen Beitrag oder Kommentar, wird Ihre IP-Adresse gespeichert. Dies erfolgt aufgrund unserer berechtigten Interessen im Sinne des Art. 6 Abs. 1 lit. f. DSGVO und dient der Sicherheit von uns als Websitebetreiber: Denn sollte Ihr Kommentar gegen geltendes Recht versto\u00dfen, k\u00f6nnen wir daf\u00fcr belangt werden, weshalb wir ein Interesse an der Identit\u00e4t des Kommentar- bzw. Beitragsautors haben. Rechte des Nutzers Sie haben als Nutzer das Recht, auf Antrag eine kostenlose Auskunft dar\u00fcber zu erhalten, welche personenbezogenen Daten \u00fcber Sie gespeichert wurden. Sie haben au\u00dferdem das Recht auf Berichtigung falscher Daten und auf die Verarbeitungseinschr\u00e4nkung oder L\u00f6schung Ihrer personenbezogenen Daten. Falls zutreffend, k\u00f6nnen Sie auch Ihr Recht auf Datenportabilit\u00e4t geltend machen. Sollten Sie annehmen, dass Ihre Daten unrechtm\u00e4\u00dfig verarbeitet wurden, k\u00f6nnen Sie eine Beschwerde bei der zust\u00e4ndigen Aufsichtsbeh\u00f6rde einreichen. L\u00f6schung von Daten Sofern Ihr Wunsch nicht mit einer gesetzlichen Pflicht zur Aufbewahrung von Daten (z. B. Vorratsdatenspeicherung) kollidiert, haben Sie ein Anrecht auf L\u00f6schung Ihrer Daten. Von uns gespeicherte Daten werden, sollten sie f\u00fcr ihre Zweckbestimmung nicht mehr vonn\u00f6ten sein und es keine gesetzlichen Aufbewahrungsfristen geben, gel\u00f6scht. Falls eine L\u00f6schung nicht durchgef\u00fchrt werden kann, da die Daten f\u00fcr zul\u00e4ssige gesetzliche Zwecke erforderlich sind, erfolgt eine Einschr\u00e4nkung der Datenverarbeitung. In diesem Fall werden die Daten gesperrt und nicht f\u00fcr andere Zwecke verarbeitet.<\/p>\n","protected":false},"author":1,"featured_media":0,"parent":0,"menu_order":0,"comment_status":"closed","ping_status":"closed","template":"","meta":{"footnotes":""},"class_list":["post-32","page","type-page","status-publish","hentry"],"_links":{"self":[{"href":"https:\/\/das-kleine-altstadtcafe.de\/index.php?rest_route=\/wp\/v2\/pages\/32","targetHints":{"allow":["GET"]}}],"collection":[{"href":"https:\/\/das-kleine-altstadtcafe.de\/index.php?rest_route=\/wp\/v2\/pages"}],"about":[{"href":"https:\/\/das-kleine-altstadtcafe.de\/index.php?rest_route=\/wp\/v2\/types\/page"}],"author":[{"embeddable":true,"href":"https:\/\/das-kleine-altstadtcafe.de\/index.php?rest_route=\/wp\/v2\/users\/1"}],"replies":[{"embeddable":true,"href":"https:\/\/das-kleine-altstadtcafe.de\/index.php?rest_route=%2Fwp%2Fv2%2Fcomments&post=32"}],"version-history":[{"count":11,"href":"https:\/\/das-kleine-altstadtcafe.de\/index.php?rest_route=\/wp\/v2\/pages\/32\/revisions"}],"predecessor-version":[{"id":173,"href":"https:\/\/das-kleine-altstadtcafe.de\/index.php?rest_route=\/wp\/v2\/pages\/32\/revisions\/173"}],"wp:attachment":[{"href":"https:\/\/das-kleine-altstadtcafe.de\/index.php?rest_route=%2Fwp%2Fv2%2Fmedia&parent=32"}],"curies":[{"name":"wp","href":"https:\/\/api.w.org\/{rel}","templated":true}]}}